{"id":613,"date":"2013-10-07T10:18:29","date_gmt":"2013-10-07T10:18:29","guid":{"rendered":"http:\/\/test.mercatflor.cat\/?page_id=613"},"modified":"2020-03-04T14:30:46","modified_gmt":"2020-03-04T14:30:46","slug":"enllacos","status":"publish","type":"page","link":"https:\/\/www.mercatflor.cat\/es\/enllacos\/","title":{"rendered":"Enlla\u00e7os"},"content":{"rendered":"<\/p>\n<div id=\"header_image\"><img decoding=\"async\" src=\"\/wp-content\/uploads\/2013\/11\/header_links.png\" alt=\"\" \/><\/div>\n<p>\n<div id=\"content_page_title\">\n<div id=\"titol_pagina\">\n<p>Enlaces<\/p>\n<\/div>\n<\/div>\n<table class=\"table table-striped\">\n<tbody>\n<tr>\n<td><span style=\"font-family: verdana, geneva; font-size: 10pt;\">\u00a0<\/span><\/td>\n<td><span style=\"font-family: verdana, geneva; font-size: 10pt;\">\u00a0<\/span><\/td>\n<td><span style=\"font-family: verdana, geneva; font-size: 10pt;\">\u00a0<\/span><\/td>\n<\/tr>\n<tr>\n<td bgcolor=\"#fadcdc\"><span style=\"font-family: verdana, geneva; font-size: 10pt;\">\u00a0<\/span><\/td>\n<td style=\"line-height: 25px; font-family: Verdana, Arial, Helvetica, sans-serif; color: #000; font-size: 12px; padding-left: 5px; text-decoration: none;\" align=\"left\" bgcolor=\"#fadcdc\"><span style=\"font-family: verdana, geneva; font-size: 10pt;\">Mercat del Maresme (Mercat agroalimentari dominical del Mercat de Flor i Planta)<\/span><\/td>\n<td style=\"line-height: 25px; font-family: Verdana, Arial, Helvetica, sans-serif; color: #000; font-size: 11px; padding-left: 5px; text-decoration: none;\" align=\"left\" bgcolor=\"#fadcdc\"><span style=\"font-family: verdana, geneva; font-size: 10pt;\"><a href=\"http:\/\/www.mercatdelmaresme.cat\" target=\"_blank\" rel=\"noopener noreferrer\">www.mercatdelmaresme.cat<\/a><br \/>\n<\/span><\/td>\n<\/tr>\n<tr>\n<td bgcolor=\"#fef5f5\"><span style=\"font-family: verdana, geneva; font-size: 10pt;\">\u00a0<\/span><\/td>\n<td style=\"line-height: 25px; font-family: Verdana, Arial, Helvetica, sans-serif; color: #000; font-size: 12px; padding-left: 5px; text-decoration: none;\" align=\"left\" bgcolor=\"#fef5f5\"><span style=\"font-family: verdana, geneva; font-size: 10pt;\">Viles Florides<\/span><\/td>\n<td style=\"line-height: 25px; font-family: Verdana, Arial, Helvetica, sans-serif; color: #000; font-size: 11px; padding-left: 5px; text-decoration: none;\" align=\"left\" bgcolor=\"#fef5f5\"><span style=\"font-family: verdana, geneva; font-size: 10pt;\"><a href=\"http:\/\/www.vilesflorides.cat\" target=\"_blank\" rel=\"noopener noreferrer\">www.vilesflorides.cat<\/a><\/span><\/td>\n<\/tr>\n<tr>\n<td bgcolor=\"#fadcdc\"><span style=\"font-family: verdana, geneva; font-size: 10pt;\">\u00a0<\/span><\/td>\n<td style=\"line-height: 25px; font-family: Verdana, Arial, Helvetica, sans-serif; color: #000; font-size: 12px; padding-left: 5px; text-decoration: none;\" align=\"left\" bgcolor=\"#fadcdc\"><span style=\"font-family: verdana, geneva; font-size: 10pt;\">Confederaci\u00f3 d&#8217;Horticultura Ornamental de Catalunya<\/span><\/td>\n<td style=\"line-height: 25px; font-family: Verdana, Arial, Helvetica, sans-serif; color: #000; font-size: 11px; padding-left: 5px; text-decoration: none;\" align=\"left\" bgcolor=\"#fadcdc\"><span style=\"font-family: verdana, geneva; font-size: 10pt;\"><a href=\"http:\/\/www.choc.cat\" target=\"_blank\" rel=\"noopener noreferrer\">www.choc.cat<\/a><\/span><\/td>\n<\/tr>\n<tr>\n<td bgcolor=\"#fef5f5\"><span style=\"font-family: verdana, geneva; font-size: 10pt;\">\u00a0<\/span><\/td>\n<td style=\"line-height: 25px; font-family: Verdana, Arial, Helvetica, sans-serif; color: #000; font-size: 12px; padding-left: 5px; text-decoration: none;\" align=\"left\" bgcolor=\"#fef5f5\"><span style=\"font-family: verdana, geneva; font-size: 10pt;\">Departament d&#8217;Agricultura, Ramaderia, Pesca, Alimentaci\u00f3 i Medi Natural de la Generalitat<\/span><\/td>\n<td style=\"line-height: 25px; font-family: Verdana, Arial, Helvetica, sans-serif; color: #000; font-size: 11px; padding-left: 5px; text-decoration: none;\" align=\"left\" bgcolor=\"#fef5f5\"><span style=\"font-family: verdana, geneva; font-size: 10pt;\"><a href=\"http:\/\/www20.gencat.cat\/portal\/site\/DAR\" target=\"_blank\" rel=\"noopener noreferrer\">www20.gencat.cat\/portal\/site\/DAR<\/a><\/span><\/td>\n<\/tr>\n<tr>\n<td bgcolor=\"#fadcdc\"><span style=\"font-family: verdana, geneva; font-size: 10pt;\">\u00a0<\/span><\/td>\n<td style=\"line-height: 25px; font-family: Verdana, Arial, Helvetica, sans-serif; color: #000; font-size: 12px; padding-left: 5px; text-decoration: none;\" align=\"left\" bgcolor=\"#fadcdc\"><span style=\"font-family: verdana, geneva; font-size: 10pt;\">Gremi de Floristes<\/span><\/td>\n<td style=\"line-height: 25px; font-family: Verdana, Arial, Helvetica, sans-serif; color: #000; font-size: 11px; padding-left: 5px; text-decoration: none;\" align=\"left\" bgcolor=\"#fadcdc\"><span style=\"font-family: verdana, geneva; font-size: 10pt;\"><a href=\"http:\/\/www.floristes.cat\/es\" target=\"_blank\" rel=\"noopener noreferrer\">www.floristes.cat\/es<\/a><\/span><\/td>\n<\/tr>\n<tr>\n<td bgcolor=\"#fef5f5\"><span style=\"font-family: verdana, geneva; font-size: 10pt;\">\u00a0<\/span><\/td>\n<td style=\"line-height: 25px; font-family: Verdana, Arial, Helvetica, sans-serif; color: #000; font-size: 12px; padding-left: 5px; text-decoration: none;\" align=\"left\" bgcolor=\"#fef5f5\"><span style=\"font-family: verdana, geneva; font-size: 10pt;\">Federaci\u00f3n Espa\u00f1ola de Asociaciones de Productores Exportadores de Frutas, Hortalizas, Flores y Plantas Vivas (FEPEX)<\/span><\/td>\n<td style=\"line-height: 25px; font-family: Verdana, Arial, Helvetica, sans-serif; color: #000; font-size: 11px; padding-left: 5px; text-decoration: none;\" align=\"left\" bgcolor=\"#fef5f5\"><span style=\"font-family: verdana, geneva; font-size: 10pt;\"><a href=\"http:\/\/www.fepex.es\" target=\"_blank\" rel=\"noopener noreferrer\">www.fepex.es<\/a><\/span><\/td>\n<\/tr>\n<tr>\n<td bgcolor=\"#fadcdc\"><span style=\"font-family: verdana, geneva; font-size: 10pt;\">\u00a0<\/span><\/td>\n<td style=\"line-height: 25px; font-family: Verdana, Arial, Helvetica, sans-serif; color: #000; font-size: 12px; padding-left: 5px; text-decoration: none;\" align=\"left\" bgcolor=\"#fadcdc\"><span style=\"font-family: verdana, geneva; font-size: 10pt;\">Fundaci\u00f3 del M\u00f3n Rural<\/span><\/td>\n<td style=\"line-height: 25px; font-family: Verdana, Arial, Helvetica, sans-serif; color: #000; font-size: 11px; padding-left: 5px; text-decoration: none;\" align=\"left\" bgcolor=\"#fadcdc\"><span style=\"font-family: verdana, geneva; font-size: 10pt;\"><a href=\"http:\/\/www.fmr.cat\" target=\"_blank\" rel=\"noopener noreferrer\">www.fmr.cat<\/a><\/span><\/td>\n<\/tr>\n<tr>\n<td bgcolor=\"#fef5f5\"><span style=\"font-family: verdana, geneva; font-size: 10pt;\">\u00a0<\/span><\/td>\n<td style=\"line-height: 25px; font-family: Verdana, Arial, Helvetica, sans-serif; color: #000; font-size: 12px; padding-left: 5px; text-decoration: none;\" align=\"left\" bgcolor=\"#fef5f5\"><span style=\"font-family: verdana, geneva; font-size: 10pt;\">Associaci\u00f3 de Viveristes de Girona<\/span><\/td>\n<td style=\"line-height: 25px; font-family: Verdana, Arial, Helvetica, sans-serif; color: #000; font-size: 11px; padding-left: 5px; text-decoration: none;\" align=\"left\" bgcolor=\"#fef5f5\"><span style=\"font-family: verdana, geneva; font-size: 10pt;\"><a href=\"http:\/\/www.viveristesdegirona.com\" target=\"_blank\" rel=\"noopener noreferrer\">www.viveristesdegirona.com<\/a><\/span><\/td>\n<\/tr>\n<tr>\n<td bgcolor=\"#fadcdc\"><span style=\"font-family: verdana, geneva; font-size: 10pt;\">\u00a0<\/span><\/td>\n<td style=\"line-height: 25px; font-family: Verdana, Arial, Helvetica, sans-serif; color: #000; font-size: 12px; padding-left: 5px; text-decoration: none;\" align=\"left\" bgcolor=\"#fadcdc\"><span style=\"font-family: verdana, geneva; font-size: 10pt;\">Asociaci\u00f3n Espa\u00f1ola de Centros de Jardiner\u00eda<\/span><\/td>\n<td style=\"line-height: 25px; font-family: Verdana, Arial, Helvetica, sans-serif; color: #000; font-size: 11px; padding-left: 5px; text-decoration: none;\" align=\"left\" bgcolor=\"#fadcdc\"><span style=\"font-family: verdana, geneva; font-size: 10pt;\"><a href=\"http:\/\/www.aecj.org\" target=\"_blank\" rel=\"noopener noreferrer\">www.aecj.org<\/a><\/span><\/td>\n<\/tr>\n<tr>\n<td bgcolor=\"#fef5f5\"><span style=\"font-family: verdana, geneva; font-size: 10pt;\">\u00a0<\/span><\/td>\n<td style=\"line-height: 25px; font-family: Verdana, Arial, Helvetica, sans-serif; color: #000; font-size: 12px; padding-left: 5px; text-decoration: none;\" align=\"left\" bgcolor=\"#fef5f5\"><span style=\"font-family: verdana, geneva; font-size: 10pt;\">Gremi de Jardineria de Catalunya<\/span><\/td>\n<td style=\"line-height: 25px; font-family: Verdana, Arial, Helvetica, sans-serif; color: #000; font-size: 11px; padding-left: 5px; text-decoration: none;\" align=\"left\" bgcolor=\"#fef5f5\"><span style=\"font-family: verdana, geneva; font-size: 10pt;\"><a href=\"http:\/\/www.gremijardineria.cat\" target=\"_blank\" rel=\"noopener noreferrer\">www.gremijardineria.cat<\/a><\/span><\/td>\n<\/tr>\n<tr>\n<td bgcolor=\"#fadcdc\"><span style=\"font-family: verdana, geneva; font-size: 10pt;\">\u00a0<\/span><\/td>\n<td style=\"line-height: 25px; font-family: Verdana, Arial, Helvetica, sans-serif; color: #000; font-size: 12px; padding-left: 5px; text-decoration: none;\" align=\"left\" bgcolor=\"#fadcdc\"><span style=\"font-family: verdana, geneva; font-size: 10pt;\">Institut de Recerca i Tecnologia Agroaliment\u00e0ries<\/span><\/td>\n<td style=\"line-height: 25px; font-family: Verdana, Arial, Helvetica, sans-serif; color: #000; font-size: 11px; padding-left: 5px; text-decoration: none;\" align=\"left\" bgcolor=\"#fadcdc\"><span style=\"font-family: verdana, geneva; font-size: 10pt;\"><a href=\"http:\/\/www.irta.cat\" target=\"_blank\" rel=\"noopener noreferrer\">www.irta.cat<\/a><\/span><\/td>\n<\/tr>\n<tr>\n<td bgcolor=\"#fef5f5\"><span style=\"font-family: verdana, geneva; font-size: 10pt;\">\u00a0<\/span><\/td>\n<td style=\"line-height: 25px; font-family: Verdana, Arial, Helvetica, sans-serif; color: #000; font-size: 12px; padding-left: 5px; text-decoration: none;\" align=\"left\" bgcolor=\"#fef5f5\"><span style=\"font-family: verdana, geneva; font-size: 10pt;\">Sal\u00f3 de la Planta, Jard\u00ed i Complements<\/span><\/td>\n<td style=\"line-height: 25px; font-family: Verdana, Arial, Helvetica, sans-serif; color: #000; font-size: 11px; padding-left: 5px; text-decoration: none;\" align=\"left\" bgcolor=\"#fef5f5\"><span style=\"font-family: verdana, geneva; font-size: 10pt;\"><a href=\"http:\/\/www.spv.cat\" target=\"_blank\" rel=\"noopener noreferrer\">www.spv.cat<\/a><\/span><\/td>\n<\/tr>\n<tr>\n<td bgcolor=\"#fadcdc\"><span style=\"font-family: verdana, geneva; font-size: 10pt;\">\u00a0<\/span><\/td>\n<td style=\"line-height: 25px; font-family: Verdana, Arial, Helvetica, sans-serif; color: #000; font-size: 12px; padding-left: 5px; text-decoration: none;\" align=\"left\" bgcolor=\"#fadcdc\"><span style=\"font-family: verdana, geneva; font-size: 10pt;\">Iberflora<\/span><\/td>\n<td style=\"line-height: 25px; font-family: Verdana, Arial, Helvetica, sans-serif; color: #000; font-size: 11px; padding-left: 5px; text-decoration: none;\" align=\"left\" bgcolor=\"#fadcdc\"><span style=\"font-family: verdana, geneva; font-size: 10pt;\"><a href=\"http:\/\/iberflora.feriavalencia.com\" target=\"_blank\" rel=\"noopener noreferrer\">iberflora.feriavalencia.com<\/a><\/span><\/td>\n<\/tr>\n<tr>\n<td bgcolor=\"#fef5f5\"><span style=\"font-family: verdana, geneva; font-size: 10pt;\">\u00a0<\/span><\/td>\n<td style=\"line-height: 25px; font-family: Verdana, Arial, Helvetica, sans-serif; color: #000; font-size: 12px; padding-left: 5px; text-decoration: none;\" align=\"left\" bgcolor=\"#fef5f5\"><span style=\"font-family: verdana, geneva; font-size: 10pt;\">Escola d&#8217;Art Floral de Catalunya<\/span><\/td>\n<td style=\"line-height: 25px; font-family: Verdana, Arial, Helvetica, sans-serif; color: #000; font-size: 11px; padding-left: 5px; text-decoration: none;\" align=\"left\" bgcolor=\"#fef5f5\"><span style=\"font-family: verdana, geneva; font-size: 10pt;\"><a href=\"http:\/\/www.escolaartfloral.org\" target=\"_blank\" rel=\"noopener noreferrer\">www.escolaartfloral.org<\/a><\/span><\/td>\n<\/tr>\n<tr>\n<td bgcolor=\"#fadcdc\"><span style=\"font-family: verdana, geneva; font-size: 10pt;\">\u00a0<\/span><\/td>\n<td style=\"line-height: 25px; font-family: Verdana, Arial, Helvetica, sans-serif; color: #000; font-size: 12px; padding-left: 5px; text-decoration: none;\" align=\"left\" bgcolor=\"#fadcdc\"><span style=\"font-family: verdana, geneva; font-size: 10pt;\">Associaci\u00f3 Amics de les Roses<\/span><\/td>\n<td style=\"line-height: 25px; font-family: Verdana, Arial, Helvetica, sans-serif; color: #000; font-size: 11px; padding-left: 5px; text-decoration: none;\" align=\"left\" bgcolor=\"#fadcdc\"><span style=\"font-family: verdana, geneva; font-size: 10pt;\"><a href=\"http:\/\/www.amicsdelesroses.cat\" target=\"_blank\" rel=\"noopener noreferrer\">www.amicsdelesroses.cat<\/a><\/span><\/td>\n<\/tr>\n<tr>\n<td bgcolor=\"#fef5f5\"><span style=\"font-family: verdana, geneva; font-size: 10pt;\">\u00a0<\/span><\/td>\n<td style=\"line-height: 25px; font-family: Verdana, Arial, Helvetica, sans-serif; color: #000; font-size: 12px; padding-left: 5px; text-decoration: none;\" align=\"left\" bgcolor=\"#fef5f5\"><span style=\"font-family: verdana, geneva; font-size: 10pt;\">Mercabarna-Flor<\/span><\/td>\n<td style=\"line-height: 25px; font-family: Verdana, Arial, Helvetica, sans-serif; color: #000; font-size: 11px; padding-left: 5px; text-decoration: none;\" align=\"left\" bgcolor=\"#fef5f5\"><span style=\"font-family: verdana, geneva; font-size: 10pt;\"><a href=\"http:\/\/www.mercabarna.es\/mercabarna-flor\" target=\"_blank\" rel=\"noopener noreferrer\">www.mercabarna.es\/mercabarna-flor<\/a><\/span><\/td>\n<\/tr>\n<tr>\n<td bgcolor=\"#fadcdc\"><span style=\"font-family: verdana, geneva; font-size: 10pt;\">\u00a0<\/span><\/td>\n<td style=\"line-height: 25px; font-family: Verdana, Arial, Helvetica, sans-serif; color: #000; font-size: 12px; padding-left: 5px; text-decoration: none;\" align=\"left\" bgcolor=\"#fadcdc\"><span style=\"font-family: verdana, geneva; font-size: 10pt;\">Uni\u00f3 de Pagesos<\/span><\/td>\n<td style=\"line-height: 25px; font-family: Verdana, Arial, Helvetica, sans-serif; color: #000; font-size: 11px; padding-left: 5px; text-decoration: none;\" align=\"left\" bgcolor=\"#fadcdc\"><span style=\"font-family: verdana, geneva; font-size: 10pt;\"><a href=\"http:\/\/www.uniopagesos.org\" target=\"_blank\" rel=\"noopener noreferrer\">www.uniopagesos.org<\/a><\/span><\/td>\n<\/tr>\n<tr>\n<td bgcolor=\"#fef5f5\"><span style=\"font-family: verdana, geneva; font-size: 10pt;\">\u00a0<\/span><\/td>\n<td style=\"line-height: 25px; font-family: Verdana, Arial, Helvetica, sans-serif; color: #000; font-size: 12px; padding-left: 5px; text-decoration: none;\" align=\"left\" bgcolor=\"#fef5f5\"><span style=\"font-family: verdana, geneva; font-size: 10pt;\">Joves Agricultors i Ramaders de Catalunya<\/span><\/td>\n<td style=\"line-height: 25px; font-family: Verdana, Arial, Helvetica, sans-serif; color: #000; font-size: 11px; padding-left: 5px; text-decoration: none;\" align=\"left\" bgcolor=\"#fef5f5\"><span style=\"font-family: verdana, geneva; font-size: 10pt;\"><a href=\"http:\/\/www.jarc.es\" target=\"_blank\" rel=\"noopener noreferrer\">www.jarc.es<\/a><\/span><\/td>\n<\/tr>\n<tr>\n<td bgcolor=\"#fadcdc\"><span style=\"font-family: verdana, geneva; font-size: 10pt;\">\u00a0<\/span><\/td>\n<td style=\"line-height: 25px; font-family: Verdana, Arial, Helvetica, sans-serif; color: #000; font-size: 12px; padding-left: 5px; text-decoration: none;\" align=\"left\" bgcolor=\"#fadcdc\"><span style=\"font-family: verdana, geneva; font-size: 10pt;\">Oficina Holandesa de Flores y Plantas<\/span><\/td>\n<td style=\"line-height: 25px; font-family: Verdana, Arial, Helvetica, sans-serif; color: #000; font-size: 11px; padding-left: 5px; text-decoration: none;\" align=\"left\" bgcolor=\"#fadcdc\"><span style=\"font-family: verdana, geneva; font-size: 10pt;\"><a href=\"http:\/\/www.flowercouncil.org\/es\/\" target=\"_blank\" rel=\"noopener noreferrer\">www.flowercouncil.org\/es\/<\/a><\/span><\/td>\n<\/tr>\n<tr>\n<td bgcolor=\"#fef5f5\"><span style=\"font-family: verdana, geneva; font-size: 10pt;\">\u00a0<\/span><\/td>\n<td style=\"line-height: 25px; font-family: Verdana, Arial, Helvetica, sans-serif; color: #000; font-size: 12px; padding-left: 5px; text-decoration: none;\" align=\"left\" bgcolor=\"#fef5f5\"><span style=\"font-family: verdana, geneva; font-size: 10pt;\">Smilax, Taller de flor\u00edstica<\/span><\/td>\n<td style=\"line-height: 25px; font-family: Verdana, Arial, Helvetica, sans-serif; color: #000; font-size: 11px; padding-left: 5px; text-decoration: none;\" align=\"left\" bgcolor=\"#fef5f5\"><span style=\"font-family: verdana, geneva; font-size: 10pt;\"><a href=\"http:\/\/www.cursosartefloral.com\" target=\"_blank\" rel=\"noopener noreferrer\">www.cursosartefloral.com<\/a><\/span><\/td>\n<\/tr>\n<tr>\n<td bgcolor=\"#fadcdc\"><span style=\"font-family: verdana, geneva; font-size: 10pt;\">\u00a0<\/span><\/td>\n<td style=\"line-height: 25px; font-family: Verdana, Arial, Helvetica, sans-serif; color: #000; font-size: 12px; padding-left: 5px; text-decoration: none;\" align=\"left\" bgcolor=\"#fadcdc\"><span style=\"font-family: verdana, geneva; font-size: 10pt;\" data-mce-mark=\"1\">Editorial Verdimedia<\/span><\/td>\n<td style=\"line-height: 25px; font-family: Verdana, Arial, Helvetica, sans-serif; color: #000; font-size: 11px; padding-left: 5px; text-decoration: none;\" align=\"left\" bgcolor=\"#fadcdc\"><span style=\"font-family: verdana, geneva; font-size: 10pt;\"><a href=\"http:\/\/www.editorialverdimedia.net\">http:\/\/www.editorialverdimedia.net<\/a><\/span><\/td>\n<\/tr>\n<tr>\n<td bgcolor=\"#fef5f5\"><span style=\"font-family: verdana, geneva; font-size: 10pt;\">\u00a0<\/span><\/td>\n<td style=\"line-height: 25px; font-family: Verdana, Arial, Helvetica, sans-serif; color: #000; font-size: 12px; padding-left: 5px; text-decoration: none;\" align=\"left\" bgcolor=\"#fef5f5\"><span style=\"font-family: verdana, geneva; font-size: 10pt;\" data-mce-mark=\"1\">El Jard\u00ed de Carles Herrera<\/span><\/td>\n<td style=\"line-height: 25px; font-family: Verdana, Arial, Helvetica, sans-serif; color: #000; font-size: 11px; padding-left: 5px; text-decoration: none;\" align=\"left\" bgcolor=\"#fef5f5\"><a href=\"http:\/\/www.eljardinonline.es\" target=\"_blank\" rel=\"noopener noreferrer\"><span style=\"font-family: verdana, geneva; font-size: 10pt;\" data-mce-mark=\"1\">http:\/\/www.eljardinonline.es<\/span><\/a><\/td>\n<\/tr>\n<tr>\n<td bgcolor=\"#fadcdc\"><span style=\"font-family: verdana, geneva; font-size: 10pt;\">\u00a0<\/span><\/td>\n<td style=\"line-height: 25px; font-family: Verdana, Arial, Helvetica, sans-serif; color: #000; font-size: 12px; padding-left: 5px; text-decoration: none;\" align=\"left\" bgcolor=\"#fadcdc\"><\/td>\n<td style=\"line-height: 25px; font-family: Verdana, Arial, Helvetica, sans-serif; color: #000; font-size: 11px; padding-left: 5px; text-decoration: none;\" align=\"left\" bgcolor=\"#fadcdc\"><\/td>\n<\/tr>\n<tr>\n<td bgcolor=\"#fef5f5\"><span style=\"font-family: verdana, geneva; font-size: 10pt;\">\u00a0<\/span><\/td>\n<td style=\"line-height: 25px; font-family: Verdana, Arial, Helvetica, sans-serif; color: #000; font-size: 12px; padding-left: 5px; text-decoration: none;\" align=\"left\" bgcolor=\"#fef5f5\"><span style=\"font-family: verdana, geneva; font-size: 10pt;\" data-mce-mark=\"1\">Floraculture International<\/span><\/td>\n<td style=\"line-height: 25px; font-family: Verdana, Arial, Helvetica, sans-serif; color: #000; font-size: 11px; padding-left: 5px; text-decoration: none;\" align=\"left\" bgcolor=\"#fef5f5\"><a href=\"http:\/\/www.floracultureinternational.com\"><span style=\"font-family: verdana, geneva; font-size: 10pt;\" data-mce-mark=\"1\">http:\/\/www.floracultureinternational.com<\/span><\/a><\/td>\n<\/tr>\n<tr>\n<td bgcolor=\"#fadcdc\"><span style=\"font-family: verdana, geneva; font-size: 10pt;\">\u00a0<\/span><\/td>\n<td style=\"line-height: 25px; font-family: Verdana, Arial, Helvetica, sans-serif; color: #000; font-size: 12px; padding-left: 5px; text-decoration: none;\" align=\"left\" bgcolor=\"#fadcdc\"><span style=\"font-family: verdana, geneva; font-size: 10pt;\" data-mce-mark=\"1\">Garden Magazine<\/span><\/td>\n<td style=\"line-height: 25px; font-family: Verdana, Arial, Helvetica, sans-serif; color: #000; font-size: 11px; padding-left: 5px; text-decoration: none;\" align=\"left\" bgcolor=\"#fadcdc\"><a href=\"http:\/\/www.gardenmagazine.es\"><span style=\"font-family: verdana, geneva; font-size: 10pt;\" data-mce-mark=\"1\">http:\/\/www.gardenmagazine.es<\/span><\/a><\/td>\n<\/tr>\n<tr>\n<td bgcolor=\"#fef5f5\"><span style=\"font-family: verdana, geneva; font-size: 10pt;\">\u00a0<\/span><\/td>\n<td style=\"line-height: 25px; font-family: Verdana, Arial, Helvetica, sans-serif; color: #000; font-size: 12px; padding-left: 5px; text-decoration: none;\" align=\"left\" bgcolor=\"#fef5f5\"><span style=\"font-family: verdana, geneva; font-size: 10pt;\" data-mce-mark=\"1\">Guiaverde.com<\/span><\/td>\n<td style=\"line-height: 25px; font-family: Verdana, Arial, Helvetica, sans-serif; color: #000; font-size: 11px; padding-left: 5px; text-decoration: none;\" align=\"left\" bgcolor=\"#fef5f5\"><a href=\"http:\/\/www.guiaverde.com\"><span style=\"font-family: verdana, geneva; font-size: 10pt;\" data-mce-mark=\"1\">http:\/\/www.guiaverde.com<\/span><\/a><\/td>\n<\/tr>\n<tr style=\"background-color: #fafafa;\">\n<td bgcolor=\"#fadcdc\"><span style=\"font-family: verdana, geneva; font-size: 10pt;\">\u00a0<\/span><\/td>\n<td style=\"line-height: 25px; font-family: Verdana, Arial, Helvetica, sans-serif; color: #000; font-size: 12px; padding-left: 5px; text-decoration: none;\" align=\"left\" bgcolor=\"#fadcdc\"><\/td>\n<td style=\"line-height: 25px; font-family: Verdana, Arial, Helvetica, sans-serif; color: #000; font-size: 11px; padding-left: 5px; text-decoration: none;\" align=\"left\" bgcolor=\"#fadcdc\"><\/td>\n<\/tr>\n<tr>\n<td bgcolor=\"#fef5f5\"><span style=\"font-family: verdana, geneva; font-size: 10pt;\">\u00a0<\/span><\/td>\n<td style=\"line-height: 25px; font-family: Verdana, Arial, Helvetica, sans-serif; color: #000; font-size: 12px; padding-left: 5px; text-decoration: none;\" align=\"left\" bgcolor=\"#fef5f5\"><span style=\"font-family: verdana, geneva; font-size: 10pt;\" data-mce-mark=\"1\">Tecnogarden<\/span><\/td>\n<td style=\"line-height: 25px; font-family: Verdana, Arial, Helvetica, sans-serif; color: #000; font-size: 11px; padding-left: 5px; text-decoration: none;\" align=\"left\" bgcolor=\"#fef5f5\"><span style=\"font-family: verdana, geneva; font-size: 10pt;\" data-mce-mark=\"1\"><a href=\"http:\/\/www.tecnogarden.es\" target=\"_blank\" rel=\"noopener noreferrer\">http:\/\/www.tecnogarden.es<\/a><\/span><\/td>\n<\/tr>\n<tr>\n<td bgcolor=\"#fadcdc\"><span style=\"font-family: verdana, geneva; font-size: 10pt;\">\u00a0<\/span><\/td>\n<td style=\"line-height: 25px; font-family: Verdana, Arial, Helvetica, sans-serif; color: #000; font-size: 12px; padding-left: 5px; text-decoration: none;\" align=\"left\" bgcolor=\"#fadcdc\"><span style=\"font-family: verdana, geneva; font-size: 10pt;\" data-mce-mark=\"1\">Verde es vida<\/span><\/td>\n<td style=\"line-height: 25px; font-family: Verdana, Arial, Helvetica, sans-serif; color: #000; font-size: 11px; padding-left: 5px; text-decoration: none;\" align=\"left\" bgcolor=\"#fadcdc\"><span style=\"font-family: verdana, geneva; font-size: 10pt;\" data-mce-mark=\"1\"><a href=\"http:\/\/www.verdeesvida.es\" target=\"_blank\" rel=\"noopener noreferrer\">http:\/\/www.verdeesvida.es<\/a><\/span><\/td>\n<\/tr>\n<tr>\n<td bgcolor=\"#fef5f5\"><\/td>\n<td style=\"line-height: 25px; font-family: Verdana, Arial, Helvetica, sans-serif; color: #000; font-size: 12px; padding-left: 5px; text-decoration: none;\" align=\"left\" bgcolor=\"#fef5f5\"><\/td>\n<td style=\"line-height: 25px; font-family: Verdana, Arial, Helvetica, sans-serif; color: #000; font-size: 11px; padding-left: 5px; text-decoration: none;\" align=\"left\" bgcolor=\"#fef5f5\"><\/td>\n<\/tr>\n<tr>\n<td bgcolor=\"#fadcdc\"><span style=\"font-family: verdana, geneva; font-size: 10pt;\">\u00a0<\/span><\/td>\n<td style=\"line-height: 25px; font-family: Verdana, Arial, Helvetica, sans-serif; color: #000; font-size: 12px; padding-left: 5px; text-decoration: none;\" align=\"left\" bgcolor=\"#fadcdc\"><span style=\"font-family: verdana, geneva; font-size: 10pt;\" data-mce-mark=\"1\">Clip, flores y m\u00e1s<\/span><\/td>\n<td style=\"line-height: 25px; font-family: Verdana, Arial, Helvetica, sans-serif; color: #000; font-size: 11px; padding-left: 5px; text-decoration: none;\" align=\"left\" bgcolor=\"#fadcdc\"><span style=\"font-family: verdana, geneva; font-size: 10pt;\" data-mce-mark=\"1\"><a href=\"http:\/\/www.dcm.revistaclip.es\" target=\"_blank\" rel=\"noopener noreferrer\">http:\/\/www.dcm.revistaclip.es<\/a><\/span><\/td>\n<\/tr>\n<\/tbody>\n<\/table>\n<div id=\"_mcePaste\" class=\"mcePaste\" style=\"position: absolute; left: -10000px; top: 456px; width: 1px; height: 1px; overflow: hidden;\">Ajuntament de Vilassar de Mar<br \/>\n<a href=\"http:\/\/www.vilassardemar.cat\" target=\"_blank\" rel=\"noopener noreferrer\">www.vilassardemar.cat<\/a><\/div>\n","protected":false},"excerpt":{"rendered":"<p>Enlaces \u00a0 \u00a0 \u00a0 \u00a0 Mercat del Maresme (Mercat agroalimentari dominical del Mercat de Flor i Planta) www.mercatdelmaresme.cat \u00a0 Viles Florides www.vilesflorides.cat \u00a0 Confederaci\u00f3 d&#8217;Horticultura Ornamental de Catalunya www.choc.cat \u00a0 Departament d&#8217;Agricultura, Ramaderia, Pesca, Alimentaci\u00f3 i Medi Natural de la Generalitat www20.gencat.cat\/portal\/site\/DAR \u00a0 Gremi de Floristes www.floristes.cat\/es \u00a0 Federaci\u00f3n Espa\u00f1ola de Asociaciones de Productores Exportadores [&hellip;]<\/p>\n","protected":false},"author":6,"featured_media":0,"parent":0,"menu_order":0,"comment_status":"closed","ping_status":"closed","template":"page_without_news.php","meta":{"footnotes":""},"class_list":["post-613","page","type-page","status-publish","hentry"],"aioseo_notices":[],"_links":{"self":[{"href":"https:\/\/www.mercatflor.cat\/es\/wp-json\/wp\/v2\/pages\/613","targetHints":{"allow":["GET"]}}],"collection":[{"href":"https:\/\/www.mercatflor.cat\/es\/wp-json\/wp\/v2\/pages"}],"about":[{"href":"https:\/\/www.mercatflor.cat\/es\/wp-json\/wp\/v2\/types\/page"}],"author":[{"embeddable":true,"href":"https:\/\/www.mercatflor.cat\/es\/wp-json\/wp\/v2\/users\/6"}],"replies":[{"embeddable":true,"href":"https:\/\/www.mercatflor.cat\/es\/wp-json\/wp\/v2\/comments?post=613"}],"version-history":[{"count":10,"href":"https:\/\/www.mercatflor.cat\/es\/wp-json\/wp\/v2\/pages\/613\/revisions"}],"predecessor-version":[{"id":12101,"href":"https:\/\/www.mercatflor.cat\/es\/wp-json\/wp\/v2\/pages\/613\/revisions\/12101"}],"wp:attachment":[{"href":"https:\/\/www.mercatflor.cat\/es\/wp-json\/wp\/v2\/media?parent=613"}],"curies":[{"name":"wp","href":"https:\/\/api.w.org\/{rel}","templated":true}]}}