{"id":4382,"date":"2014-10-20T20:18:54","date_gmt":"2014-10-20T20:18:54","guid":{"rendered":"http:\/\/mercatflor.loc\/?page_id=4382"},"modified":"2018-06-11T14:37:56","modified_gmt":"2018-06-11T14:37:56","slug":"privacy-policy","status":"publish","type":"page","link":"https:\/\/www.mercatflor.cat\/en\/privacy-policy\/","title":{"rendered":"Privacy Policy."},"content":{"rendered":"<div id=\"header_image\"><img decoding=\"async\" src=\"\/wp-content\/uploads\/2013\/11\/header_activitats.jpg\" alt=\"\" \/><\/div>\n<p>&nbsp;<\/p>\n<h1>Pol\u00edtica de Privacidad<\/h1>\n<p>&nbsp;<\/p>\n<p>En cumplimiento del Reglamento (UE) 2016\/679 del Parlamento Europeo y del Consejo de 27 de abril de 2016 (en adelante RGPD), se pone de manifiesto la presente Pol\u00edtica respecto del tratamiento y protecci\u00f3n de datos personales.<\/p>\n<p>Esta Pol\u00edtica de privacidad se aplica a todos los dispositivos, sitios web, plataformas de servicios de atenci\u00f3n al cliente y aplicaciones de titularidad del responsable que hagan referencia a la Pol\u00edtica de privacidad o contengan alg\u00fan v\u00ednculo a ella.<\/p>\n<p>&nbsp;<\/p>\n<h3><strong>DATOS CAPTADOS POR EMAILING<\/strong><\/h3>\n<table style=\"width: 960px;\" border=\"0\" cellspacing=\"0\" cellpadding=\"0\">\n<tbody>\n<tr>\n<td><span style=\"font-family: verdana, geneva; font-size: 10pt;\">\u00a0<\/span><\/td>\n<td><span style=\"font-family: verdana, geneva; font-size: 10pt;\">\u00a0<\/span><\/td>\n<td><\/td>\n<\/tr>\n<tr>\n<td bgcolor=\"#fef5f5\"><\/td>\n<td align=\"left\" bgcolor=\"#fef5f5\"><strong>Responsable del Tratamiento<\/strong><\/td>\n<td align=\"left\" bgcolor=\"#fef5f5\">Mercat de Flor i Planta Ornamental de Catalunya, SAT, con CIF V-08.834.830, direcci\u00f3n Avenida Beniamino Farina, 135 (Antigua N-II), 08340 de Vilassar de Mar, Barcelona.<\/td>\n<\/tr>\n<tr>\n<td bgcolor=\"#fadcdc\"><\/td>\n<td align=\"left\" bgcolor=\"#fadcdc\"><strong>Base Jur\u00eddica de Licitud del Tratamiento<\/strong><\/td>\n<td align=\"left\" bgcolor=\"#fadcdc\">Consentimiento como consecuencia de la cumplimentaci\u00f3n de un formulario realizada por una persona interesada (Art\u00edculo 6.1.a del RGPD).<br \/>\nCategor\u00edas de datos: datos personales b\u00e1sicos y direcci\u00f3n de correo electr\u00f3nico<\/td>\n<\/tr>\n<tr>\n<td bgcolor=\"#fef5f5\"><\/td>\n<td align=\"left\" bgcolor=\"#fef5f5\"><strong>Finalidad del Tratamiento<\/strong><\/td>\n<td align=\"left\" bgcolor=\"#fef5f5\">Registrar el correo electr\u00f3nico a efectos de env\u00edo de informaci\u00f3n, mantener comunicaciones.<\/td>\n<\/tr>\n<tr>\n<td bgcolor=\"#fadcdc\"><\/td>\n<td align=\"left\" bgcolor=\"#fadcdc\"><strong>Conservaci\u00f3n de los datos<\/strong><\/td>\n<td align=\"left\" bgcolor=\"#fadcdc\">Hasta una vez finalizada la relaci\u00f3n y el intercambio de informaci\u00f3n, iniciado con la consulta.<\/td>\n<\/tr>\n<tr>\n<td bgcolor=\"#fef5f5\"><\/td>\n<td align=\"left\" bgcolor=\"#fef5f5\"><strong>Destinatarios<\/strong><\/td>\n<td align=\"left\" bgcolor=\"#fef5f5\">Destinatarios de cesiones de datos: no est\u00e1n previstos. Transferencias internacionales de datos: no est\u00e1n previstas.<\/td>\n<\/tr>\n<tr>\n<td bgcolor=\"#fadcdc\"><\/td>\n<td align=\"left\" bgcolor=\"#fadcdc\"><strong>Derechos de las personas interesadas<\/strong><\/td>\n<td align=\"left\" bgcolor=\"#fadcdc\">Pueden ejercer el derecho de acceso, rectificaci\u00f3n, de supresi\u00f3n, de portabilidad, de limitaci\u00f3n y de oposici\u00f3n al tratamiento de sus datos, enviando una solicitud escrita y fundamentada al domicilio social. Asimismo, pueden presentar las reclamaciones que consideren ante la Agencia Espa\u00f1ola de Protecci\u00f3n de Datos (<a href=\"http:\/\/www.agpd.es\">www.agpd.es<\/a>).<\/td>\n<\/tr>\n<tr>\n<td><span style=\"font-family: verdana, geneva; font-size: 10pt;\">\u00a0<\/span><\/td>\n<td><span style=\"font-family: verdana, geneva; font-size: 10pt;\">\u00a0<\/span><\/td>\n<td><\/td>\n<\/tr>\n<\/tbody>\n<\/table>\n<p><span style=\"color: #ff0000;\"><strong>\u00bfQui\u00e9n es el Responsable del Tratamiento de sus datos personales?<\/strong><\/span><\/p>\n<p>Los datos de car\u00e1cter personal ser\u00e1n responsabilidad de Mercat de Flor i Planta Ornamental de Catalunya, SAT, en adelante el MERCAT, con CIF n\u00fam. V-08.834.830 y domicilio en Avenida Beniamino Farina, 135 (Antigua N-II), 08340 de Vilassar de Mar, Barcelona.<\/p>\n<p>&nbsp;<\/p>\n<p><span style=\"color: #ff0000;\"><strong>\u00bfQu\u00e9 datos recopilamos?<\/strong><\/span><\/p>\n<p>La <strong><em>Informaci\u00f3n personal<\/em><\/strong> son los datos que lo identifican individualmente o se relacionan con una persona identificable; nuestra entidad puede recopilar el nombre, direcci\u00f3n postal y la direcci\u00f3n de correo electr\u00f3nico.<\/p>\n<p>Si nos proporciona a nosotros cualquier informaci\u00f3n personal de otras personas usted declara tener facultades para hacerlo y para permitirnos usar dicha informaci\u00f3n conforme a esta Pol\u00edtica de privacidad.<\/p>\n<p>&nbsp;<\/p>\n<p><span style=\"color: #ff0000;\"><strong>\u00bfC\u00f3mo recopilamos la Informaci\u00f3n personal?<\/strong><\/span><\/p>\n<p>Recopilamos la Informaci\u00f3n personal mediante cumplimentaci\u00f3n de un formulario realizada por la persona interesada a trav\u00e9s de la Web.<\/p>\n<p>&nbsp;<\/p>\n<p><span style=\"color: #ff0000;\"><strong>\u00bfCon qu\u00e9 finalidad tratamos sus datos personales?<\/strong><\/span><\/p>\n<ol>\n<li><span style=\"color: #999999;\">El tratamiento de sus Datos Personales es necesario para que podamos atender y gestionar su solicitud de contacto e informaci\u00f3n respecto a los productos y servicios que aparecen en la Web, noticias de la empresa y del sector y que ofrece el Mercat de Flor i Planta Ornamental de Catalunya SAT.<\/span><\/li>\n<li><span style=\"color: #999999;\">Mediante la indicaci\u00f3n de sus datos, y de conformidad con lo establecido en el art\u00edculo 7 del Reglamento General de Protecci\u00f3n de Datos 2016\/679 de 27 de abril (RGPD), usted consiente expresamente y de forma inequ\u00edvoca el tratamiento de sus datos para la finalidad indicada en el apartado anterior. Si no desea recibir comunicaciones electr\u00f3nicas NO marque la casilla para el env\u00edo de comunicaciones.<\/span><\/li>\n<li><span style=\"color: #999999;\">El MERCAT se compromete a observar la obligaci\u00f3n de secreto de los datos de car\u00e1cter personal que nos facilite, a tratarlos de forma confidencial y a guardarlos adoptando las medidas necesarias para evitar su alteraci\u00f3n, p\u00e9rdida, tratamiento o acceso no autorizados, habida cuenta en todo momento del estado de la tecnolog\u00eda.<\/span><\/li>\n<li><span style=\"color: #999999;\">Los datos con asterisco (*), en caso de existir, son obligatorios para tratar y gestionar las solicitudes enviadas a la plataforma Web. El resto de datos solicitados, cuya respuesta es opcional, est\u00e1n destinados a conocerle mejor para mejorar los servicios propuestos, asegurando en todo momento la privacidad. Salvo revocaci\u00f3n por su parte, el MERCAT podr\u00e1 enviarle por correo electr\u00f3nico informaci\u00f3n sobre el sitio, las ofertas y promociones de productos, informaci\u00f3n sobre la entidad o el sector en general.<\/span><\/li>\n<li><span style=\"color: #999999;\">Deber\u00e1 comunicar al MERCAT sus datos personales actuales a fin de que la informaci\u00f3n contenida en sus ficheros est\u00e9 actualizada y sin errores.<\/span><\/li>\n<\/ol>\n<p>&nbsp;<\/p>\n<p><span style=\"color: #ff0000;\"><strong>\u00bfPor cu\u00e1nto tiempo conservaremos sus datos?<\/strong><\/span><\/p>\n<p>Los datos personales proporcionados se conservar\u00e1n hasta la finalizaci\u00f3n de la relaci\u00f3n y el intercambio de informaci\u00f3n, iniciado con la consulta y mientras no revoque su consentimiento.<\/p>\n<p>&nbsp;<\/p>\n<p><strong><span style=\"color: #ff0000;\">\u00bfCu\u00e1l es la legitimaci\u00f3n para el tratamiento de sus datos?<\/span><\/strong><\/p>\n<p>La base legal para el tratamiento de sus datos es el consentimiento prestado por usted para el env\u00edo de informaci\u00f3n sea \u00e9sta comercial o no.<\/p>\n<p>&nbsp;<\/p>\n<p><span style=\"color: #ff0000;\"><strong>\u00bfA qu\u00e9 destinatarios se comunicar\u00e1n sus datos?<\/strong><\/span><\/p>\n<p>Sus datos no se ceder\u00e1n a ninguna otra entidad, salvo obligaci\u00f3n legal y no se prev\u00e9n transferencias internacionales de los datos.<\/p>\n<p>&nbsp;<\/p>\n<p><span style=\"color: #ff0000;\"><strong>\u00bfCu\u00e1les son sus derechos cuando nos facilita sus datos personales?<\/strong><\/span><\/p>\n<p>Puede ejercer su derecho de acceso a los datos personales, as\u00ed como solicitar la rectificaci\u00f3n de los datos inexactos o, en su caso, solicitar su supresi\u00f3n cuando los datos ya no sean necesarios para los fines que fueron recogidos.<\/p>\n<p>Tambi\u00e9n podr\u00e1 solicitar la limitaci\u00f3n, portabilidad y oposici\u00f3n del tratamiento de sus datos, en determinadas circunstancias y por motivos relacionados con su situaci\u00f3n particular.<\/p>\n<p>Igualmente, tiene derecho a revocar su consentimiento en cualquier momento sin que ello afecte de forma retroactiva al tratamiento de datos personales realizado hasta ese momento.<\/p>\n<p>Podr\u00e1 ejercitar los derechos referidos anteriormente, en los t\u00e9rminos y condiciones previstos en la legislaci\u00f3n vigente, en el domicilio social de Avenida Beniamino Farina, 135, 08340 de Vilassar de Mar, Barcelona.\u00a0En ning\u00fan caso la revocaci\u00f3n para el env\u00edo de informaci\u00f3n condiciona la ejecuci\u00f3n de los compromisos asumidos.<\/p>\n<p>En el supuesto de que no obtenga una respuesta satisfactoria y desee formular una reclamaci\u00f3n u obtener mayor informaci\u00f3n al respecto de cualquiera de estos derechos, puede acudirse a la Agencia Espa\u00f1ola de Protecci\u00f3n de Datos (www.agpd.es &#8211; C\/ Jorge Juan, 6 de Madrid).<\/p>\n<p>&nbsp;<\/p>\n<h3><strong>DATOS CAPTADOS DURANTE LA NAVEGACI\u00d3N\u00a0 &#8211; COOKIES<\/strong><\/h3>\n<p>Una <em>cookie<\/em> (o galleta inform\u00e1tica) es una peque\u00f1a informaci\u00f3n enviada por un sitio web y almacenada en el navegador del usuario, de modo que el sitio web puede consultar su actividad previa del usuario. Sus principales funciones son:<\/p>\n<ol>\n<li><span style=\"color: #999999;\">Llevar el control de usuarios: cuando un usuario introduce su nombre de usuario y contrase\u00f1a, se almacena una cookie para que no tenga que estar introduci\u00e9ndolas en cada p\u00e1gina del servidor. En cambio, una cookie no identifica solo a una persona, sino a una combinaci\u00f3n de computadora \u2013 navegador \u2013 usuario.<\/span><\/li>\n<li><span style=\"color: #999999;\">Conseguir informaci\u00f3n sobre los h\u00e1bitos de navegaci\u00f3n del usuario, entre otros.<\/span><\/li>\n<\/ol>\n<p><strong>Esta web utiliza cookies.<\/strong><\/p>\n<p>&nbsp;<\/p>\n<p><strong>Cookies propias:<\/strong><\/p>\n<table border=\"1\" width=\"285\" cellspacing=\"2\" cellpadding=\"0\">\n<tbody>\n<tr valign=\"TOP\">\n<td width=\"145\">Tipo de cookie<\/td>\n<td width=\"132\">Finalidad<\/td>\n<\/tr>\n<tr valign=\"TOP\">\n<td width=\"145\">_icl_current_languagewordpress_test_cookiePHPSESSIDwp-settings-1wp-setting-time-1<\/td>\n<td width=\"132\">Identificaci\u00f3n y mejora de la navegaci\u00f3n<\/td>\n<\/tr>\n<\/tbody>\n<\/table>\n<p>&nbsp;<\/p>\n<p><strong><span lang=\"ca-ES\">Cookies de Terceros:<\/span><\/strong><\/p>\n<table border=\"1\" width=\"285\" cellspacing=\"2\" cellpadding=\"0\">\n<tbody>\n<tr>\n<td width=\"172\">Tipo de cookie<\/td>\n<td width=\"78\">Empresa<\/td>\n<td width=\"106\">Finalidad<\/td>\n<td width=\"356\">Informaci\u00f3n<\/td>\n<\/tr>\n<tr>\n<td width=\"172\">_utma_utmb_utmc_utmz<\/td>\n<td width=\"78\">Google<\/td>\n<td width=\"106\">Navegaci\u00f3n de forma an\u00f3nima que permite saber qu\u00e9 se consulta y com se navega.<\/td>\n<td width=\"356\"><a href=\"http:\/\/www.google.es\/intl\/es\/analytics\/privacyoverview.html\">http:\/\/www.google.es\/intl\/es\/analytics\/privacyoverview.html<\/a><\/td>\n<\/tr>\n<\/tbody>\n<\/table>\n<p>&nbsp;<\/p>\n<p><strong><span lang=\"ca-ES\">Cookies insertadas por otros canales sociales:<\/span><\/strong><\/p>\n<table border=\"1\" width=\"285\" cellspacing=\"2\" cellpadding=\"0\">\n<tbody>\n<tr>\n<td width=\"172\">Tipo de cookie<\/td>\n<td width=\"78\">Empresa<\/td>\n<td width=\"106\">Finalidad<\/td>\n<td width=\"356\">Informaci\u00f3n<\/td>\n<\/tr>\n<tr>\n<td width=\"172\"><\/td>\n<td width=\"78\">Facebook<\/td>\n<td width=\"106\">Visitante<\/td>\n<td width=\"356\"><a href=\"https:\/\/www.facebook.com\/help\/cookies\">https:\/\/www.facebook.com\/help\/cookies<\/a><\/td>\n<\/tr>\n<\/tbody>\n<\/table>\n<p>&nbsp;<\/p>\n<p><span style=\"color: #ff0000;\"><strong>Gestionar cookies<\/strong><\/span><\/p>\n<p>Puede usted permitir, bloquear o eliminar las cookies instaladas en su equipo mediante la configuraci\u00f3n de las opciones del navegador que usa en su ordenador.<\/p>\n<p>Si no est\u00e1 seguro sobre qu\u00e9 tipos de versi\u00f3n de navegador utiliza para acceder a Internet:<\/p>\n<p>Para Windows: haga clic a \u201cAyuda\u201d en la parte superior de la ventana de su navegador y seleccione la opci\u00f3n \u2018Sobre\u2026\u201d<\/p>\n<p>&nbsp;<\/p>\n<p><span style=\"color: #ff0000;\"><strong>C\u00f3mo gestionar las cookies con Windows:<\/strong><\/span><\/p>\n<p>&nbsp;<\/p>\n<p><span style=\"color: #0000ff;\"><strong>Google Chrome<\/strong><\/span><\/p>\n<p>1. Haga clic en el men\u00fa de Google Chrome situado en la barra de \u201cHerramientas\u201d del navegador.<\/p>\n<p>2. Seleccione \u201cConfiguraci\u00f3n\u201d.<\/p>\n<p>3. Haga clic en \u201cMostrar opciones avanzadas\u2026\u201d<\/p>\n<p>4. En la secci\u00f3n \u201cPrivacidad\u201d, haga clic en el bot\u00f3n \u201cConfiguraci\u00f3n del contenido\u2026\u201d.<\/p>\n<p>5. En la secci\u00f3n \u201cCookies\u201d, puedes configurar las opciones que se indican a continuaci\u00f3n: Eliminar cookies, bloquear o permitir las cookies de modo predeterminado, incluir excepciones de cookies de dominios o sitios web espec\u00edficos.<\/p>\n<p>6. Para m\u00e1s informaci\u00f3n consulte la ayuda de Google Chrome.<\/p>\n<p>&nbsp;<\/p>\n<p><span style=\"color: #0000ff;\"><strong>Microsoft Internet Explorer 7.0 y 8.0<\/strong><\/span><\/p>\n<p>1. Haga clic en el bot\u00f3n \u201cHerramientas\u201d y despu\u00e9s en \u201cOpciones de Internet\u201d.<\/p>\n<p>2. Haga clic en la ficha \u201cPrivacidad\u201d y, a continuaci\u00f3n, mueva el control desliz\u00e1ndolo a una posici\u00f3n intermedia entre los extremos superiores e inferiores, de modo que no se bloqueen ni permitan todas las cookies.<\/p>\n<p>3. Haga clic a \u201cSitios\u201d.<\/p>\n<p>4. En el cuadro \u201cDirecci\u00f3n del sitio web\u201d, escriba la direcci\u00f3n de un sitio web y, despu\u00e9s, haga clic a \u201cBloquear\u201d o \u201cPermitir\u201d.<\/p>\n<p>5. Mientras escriba, ir\u00e1 apareciendo una lista de las p\u00e1ginas web que haya visitado. Si hace clic a un elemento de la lista, se mostrar\u00e1 en el cuadro direcci\u00f3n del sitio web.<\/p>\n<p>6. Al finalizar, clique en \u201cAceptar\u201d.<\/p>\n<p>7. Vuelva a colocar el control deslizante en su posici\u00f3n original y haga clic a \u201cAceptar\u201d.<\/p>\n<p>8. Puede consultar la ayuda de Windows para m\u00e1s informaci\u00f3n.<\/p>\n<p>&nbsp;<\/p>\n<p><strong><span style=\"color: #0000ff;\">Mozilla Firefox<\/span><\/strong><\/p>\n<p>1. En la parte superior de la ventana de Firefox, haga clic al bot\u00f3n Firefox y seleccione \u201cOpciones\u201d.<\/p>\n<p>2. Seleccione el panel \u201cPrivacidad\u201d.<\/p>\n<p>3. En Firefox podr\u00e1: escoger \u201cUtilizar una configuraci\u00f3n personalizada para el historial\u201d.<\/p>\n<p>4. Marque la opci\u00f3n \u201cAceptar cookies\u201d para activarlas, y desm\u00e1rquela para desactivarlas.<\/p>\n<p>5. Si no quiere recibir cookies de terceros desmarque \u201cAceptar cookies de terceros\u201d.<\/p>\n<p>6. Puede consultar la ayuda de Mozilla para m\u00e1s informaci\u00f3n.<\/p>\n<p>&nbsp;<\/p>\n<p><strong><span style=\"color: #0000ff;\">Safari<\/span><\/strong><\/p>\n<p>1. Haga clic en \u201cSafari\u201d en la parte superior de la ventana de su navegador y seleccione la opci\u00f3n \u2018Preferencias\u2019.<\/p>\n<p>2. Haga clic en \u201cPrivacidad\u201d.<\/p>\n<p>3. En el apartado \u201cBloquear cookies\u201d seleccione una de las siguientes opciones seg\u00fan le interese: \u201cDe publicidad y terceros\u201d, \u201cSiempre\u201d, o \u201cNunca\u201d.<\/p>\n<p>&nbsp;<\/p>\n<p><strong><span style=\"color: #0000ff;\">Opera<\/span><\/strong><\/p>\n<p>1. Haga clic en \u201cConfiguraci\u00f3n\u201d en la parte superior de la ventana del navegador y seleccione \u2018Opciones\u2019.<\/p>\n<p>2. A continuaci\u00f3n seleccione la pesta\u00f1a \u201cAvanzado\u201d y en la lista de la izquierda seleccionar \u201cCookies\u201d.<\/p>\n<p>3. A continuaci\u00f3n, seleccione \u201cAceptar cookies\u201d.<\/p>\n<p>4. Dispone de tres opciones seg\u00fan su preferencia: \u201cAceptar cookies\u201d.<\/p>\n<p>&nbsp;<\/p>\n<p><span style=\"color: #ff0000;\"><strong>Actualizaciones<\/strong><\/span><\/p>\n<p>Se podr\u00e1n realizar actualizaciones que pueden comportar alg\u00fan cambio en nuestra Pol\u00edtica de Privacidad; le informaremos puntualmente antes de que los cambios comiencen a ser aplicables. De esta manera podr\u00e1 conocer c\u00f3mo pretendemos utilizar sus Datos Personales antes de que comencemos a hacerlo.<\/p>\n<p>&nbsp;<\/p>\n","protected":false},"excerpt":{"rendered":"<p>&nbsp; Pol\u00edtica de Privacidad &nbsp; En cumplimiento del Reglamento (UE) 2016\/679 del Parlamento Europeo y del Consejo de 27 de abril de 2016 (en adelante RGPD), se pone de manifiesto la presente Pol\u00edtica respecto del tratamiento y protecci\u00f3n de datos personales. Esta Pol\u00edtica de privacidad se aplica a todos los dispositivos, sitios web, plataformas de [&hellip;]<\/p>\n","protected":false},"author":6,"featured_media":0,"parent":0,"menu_order":0,"comment_status":"closed","ping_status":"closed","template":"page_without_news.php","meta":{"footnotes":""},"class_list":["post-4382","page","type-page","status-publish","hentry"],"aioseo_notices":[],"_links":{"self":[{"href":"https:\/\/www.mercatflor.cat\/en\/wp-json\/wp\/v2\/pages\/4382","targetHints":{"allow":["GET"]}}],"collection":[{"href":"https:\/\/www.mercatflor.cat\/en\/wp-json\/wp\/v2\/pages"}],"about":[{"href":"https:\/\/www.mercatflor.cat\/en\/wp-json\/wp\/v2\/types\/page"}],"author":[{"embeddable":true,"href":"https:\/\/www.mercatflor.cat\/en\/wp-json\/wp\/v2\/users\/6"}],"replies":[{"embeddable":true,"href":"https:\/\/www.mercatflor.cat\/en\/wp-json\/wp\/v2\/comments?post=4382"}],"version-history":[{"count":2,"href":"https:\/\/www.mercatflor.cat\/en\/wp-json\/wp\/v2\/pages\/4382\/revisions"}],"predecessor-version":[{"id":9661,"href":"https:\/\/www.mercatflor.cat\/en\/wp-json\/wp\/v2\/pages\/4382\/revisions\/9661"}],"wp:attachment":[{"href":"https:\/\/www.mercatflor.cat\/en\/wp-json\/wp\/v2\/media?parent=4382"}],"curies":[{"name":"wp","href":"https:\/\/api.w.org\/{rel}","templated":true}]}}